{"id":6215,"date":"2023-05-31T10:12:38","date_gmt":"2023-05-31T10:12:38","guid":{"rendered":"https:\/\/www.carecosmetics.be\/vacatures\/nl-accountmanager-retail\/"},"modified":"2023-07-24T12:03:53","modified_gmt":"2023-07-24T12:03:53","slug":"nl-accountmanager-retail","status":"publish","type":"cc_vacatures","link":"https:\/\/www.carecosmetics.be\/fr\/vacatures\/nl-accountmanager-retail\/","title":{"rendered":"NL &#8211; Accountmanager retail"},"content":{"rendered":"\n<section class=\"image\" id=\"block_image-block_20b4010e32b2784208cf6c850a16aa9a\">\n    <div class=\"grid no-padding\">\n      <div class=\"inner_grid\">\n                <div class=\"content_grid image-holder\" style=\"background-position: center; background-image:url('https:\/\/www.carecosmetics.be\/wp-content\/uploads\/2023\/05\/Vacature_beeld_algemeen.jpg');\">\n        <\/div>\n        <div class=\"content_grid\">\n          <p><\/p>\n        <\/div>\n            <\/div>\n    <\/div>\n  <\/section>\n\n<style type=\"text\/css\">\n\t#block_image-block_20b4010e32b2784208cf6c850a16aa9a {\n\t\tbackground-color: #FFF;\n    padding-top: 0px;\n    padding-bottom: 0px;\n\t}\n<\/style>\n\n\n\n<section class=\"text\" id=\"block_text-block_181e5e6012eef2ed8c60b997de15e5ec\">\n    <div class=\"grid no-padding\">\n      <div class=\"inner_grid\">\n        <div class=\"content_grid\">\n          <div class=\"text-holder\">\n            <h2>Care Cosmetics recherche :<\/h2>            <h3>Gestionnaire de comptes pour le commerce de d\u00e9tail <\/h3>            <p><p>Consulta est un distributeur de cosm\u00e9tiques de premier plan en Belgique et au Luxembourg. Nous faisons partie de la<br \/>\nCare Cosmetics avec un total de 94 employ\u00e9s, ce qui fait de nous le plus grand distributeur ind\u00e9pendant de produits cosm\u00e9tiques au Benelux. En tant que groupe, nous fournissons plus de 6 000 points de vente, y compris des canaux de vente au d\u00e9tail tels que les (para-) pharmacies.<\/p>\n<p>&nbsp;<\/p>\n<\/p>\n            \n            \n          <\/div>\n        <\/div>\n      <\/div>\n    <\/div>\n  <\/section>\n\n  <style type=\"text\/css\">\n\t#block_text-block_181e5e6012eef2ed8c60b997de15e5ec {\n\t\tbackground-color: #FFF;\n        padding-top: 30px;\n    padding-bottom: 30px;\n    \t}\n<\/style>\n\n\n\n<section class=\"text\" id=\"block_text-block_a5b98a125d2b51c09ae43bfa538503a4\">\n    <div class=\"grid no-padding\">\n      <div class=\"inner_grid\">\n        <div class=\"content_grid\">\n          <div class=\"text-holder\">\n                        <h3>Description de l&#8217;emploi<\/h3>            <p><p><strong>Le r\u00f4le :<\/strong> vous serez principalement responsable de la croissance des ventes dans les points de vente de nos partenaires d\u00e9taillants. Vous superviserez et formerez le personnel de vente sur le point de vente, mettrez en \u0153uvre des plans promotionnels et veillerez \u00e0 la pr\u00e9sentation correcte de la marque sur le point de vente.<\/p>\n<p><strong>Votre profil :<\/strong> Vous avez une forte attitude commerciale, de l&rsquo;engagement et une volont\u00e9 de notation. Pour bien remplir cette fonction, les \u00e9l\u00e9ments suivants sont \u00e9galement importants :<\/p>\n<p>\u2022 Vous aimez relever le d\u00e9fi de travailler de mani\u00e8re ind\u00e9pendante et d&rsquo;aider nos partenaires commerciaux \u00e0 faire de leur entreprise une r\u00e9ussite.<br \/>\n\u2022 Exp\u00e9rience commerciale r\u00e9ussie dans un environnement de vente au d\u00e9tail B2B<br \/>\n\u2022 Vous \u00eates capable d&rsquo;atteindre les objectifs de chiffre d&rsquo;affaires fix\u00e9s et d&rsquo;ouvrir de nouveaux points de vente.<br \/>\n\u2022 Vous avez l&rsquo;esprit d&rsquo;analyse et savez r\u00e9diger des rapports<br \/>\n\u2022 Vous avez une connaissance de Microsoft Office Word, Excel et Powerpoint.<br \/>\n\u2022 Vous avez une bonne connaissance du n\u00e9erlandais, du fran\u00e7ais et de l&rsquo;anglais.<\/p>\n<p><strong>Notre offre :<\/strong> un poste stimulant au sein d&rsquo;une organisation internationale offrant de nombreuses possibilit\u00e9s de d\u00e9veloppement personnel. Un salaire comp\u00e9titif, une assurance de groupe, une voiture de soci\u00e9t\u00e9, un ordinateur portable\/tablette et un t\u00e9l\u00e9phone mobile.<\/p>\n<\/p>\n            \n            \n          <\/div>\n        <\/div>\n      <\/div>\n    <\/div>\n  <\/section>\n\n  <style type=\"text\/css\">\n\t#block_text-block_a5b98a125d2b51c09ae43bfa538503a4 {\n\t\tbackground-color: #FFF;\n        padding-top: 30px;\n    padding-bottom: 30px;\n    \t}\n<\/style>\n\n\n\n<section class=\"text\" id=\"block_text-block_c211ae7244599a16332cbf29275749b3\">\n    <div class=\"grid no-padding\">\n      <div class=\"inner_grid\">\n        <div class=\"content_grid\">\n          <div class=\"text-holder\">\n                        <h3>Int\u00e9ress\u00e9(e) ?<\/h3>            <p><p>Ensuite, envoyez votre candidature (c.v. et motivation) \u00e0 <a href=\"mailto:marijn@consulta.cc\">marijn@consulta.cc<\/a>.<\/p>\n<\/p>\n            \n            \n              <a href=\"mailto:marijn@consulta.cc\" target=\"_Blanc\" class=\"btn noir\">Appliquer<\/a>\n\n            \n          <\/div>\n        <\/div>\n      <\/div>\n    <\/div>\n  <\/section>\n\n  <style type=\"text\/css\">\n\t#block_text-block_c211ae7244599a16332cbf29275749b3 {\n\t\tbackground-color: #FFF;\n        padding-top: 30px;\n    padding-bottom: 60px;\n    \t}\n<\/style>\n","protected":false},"template":"","class_list":["post-6215","cc_vacatures","type-cc_vacatures","status-publish","hentry"],"acf":[],"_links":{"self":[{"href":"https:\/\/www.carecosmetics.be\/fr\/wp-json\/wp\/v2\/cc_vacatures\/6215","targetHints":{"allow":["GET"]}}],"collection":[{"href":"https:\/\/www.carecosmetics.be\/fr\/wp-json\/wp\/v2\/cc_vacatures"}],"about":[{"href":"https:\/\/www.carecosmetics.be\/fr\/wp-json\/wp\/v2\/types\/cc_vacatures"}],"wp:attachment":[{"href":"https:\/\/www.carecosmetics.be\/fr\/wp-json\/wp\/v2\/media?parent=6215"}],"curies":[{"name":"wp","href":"https:\/\/api.w.org\/{rel}","templated":true}]}}